{"id":317,"date":"2014-10-21T14:13:52","date_gmt":"2014-10-21T12:13:52","guid":{"rendered":"http:\/\/mb2immobilien.ch\/portrait\/team\/"},"modified":"2026-03-16T10:03:29","modified_gmt":"2026-03-16T08:03:29","slug":"team","status":"publish","type":"page","link":"https:\/\/mb2immobilien.ch\/fr\/portrait\/team\/","title":{"rendered":"Equipe"},"content":{"rendered":"<h1>Cette \u00e9quipe se prend en charge, pour vous<\/h1>\n<p style=\"text-align: justify;\">Notre \u00e9quipe attache une grande importance \u00e0 un climat social ouvert et familial. Ensemble, nous avons un flair sportif, nous sommes ambitieux et pers\u00e9v\u00e9rants et nous avons l\u2019esprit d\u2019\u00e9quipe. Nous voulons \u00eatre cr\u00e9atifs et r\u00e9aliser des projets surprenants en faveur de notre client\u00e8le.<\/p>\n","protected":false},"excerpt":{"rendered":"<p>Cette \u00e9quipe se prend en charge, pour vous<\/p>\n","protected":false},"author":1,"featured_media":0,"parent":310,"menu_order":0,"comment_status":"closed","ping_status":"closed","template":"templ_team.php","meta":{"_acf_changed":false,"footnotes":""},"class_list":["post-317","page","type-page","status-publish","hentry"],"acf":[],"yoast_head":"<!-- This site is optimized with the Yoast SEO plugin v27.5 - https:\/\/yoast.com\/product\/yoast-seo-wordpress\/ -->\n<title>Equipe - MB2 Immobilien AG<\/title>\n<meta name=\"robots\" content=\"index, follow, max-snippet:-1, max-image-preview:large, max-video-preview:-1\" \/>\n<link rel=\"canonical\" href=\"https:\/\/mb2immobilien.ch\/fr\/portrait\/team\/\" \/>\n<meta property=\"og:locale\" content=\"fr_FR\" \/>\n<meta property=\"og:type\" content=\"article\" \/>\n<meta property=\"og:title\" content=\"Equipe - MB2 Immobilien AG\" \/>\n<meta property=\"og:description\" content=\"Cette \u00e9quipe se prend en charge, pour vous\" \/>\n<meta property=\"og:url\" content=\"https:\/\/mb2immobilien.ch\/fr\/portrait\/team\/\" \/>\n<meta property=\"og:site_name\" content=\"MB2 Immobilien AG\" \/>\n<meta property=\"article:modified_time\" content=\"2026-03-16T08:03:29+00:00\" \/>\n<meta name=\"twitter:card\" content=\"summary_large_image\" \/>\n<meta name=\"twitter:label1\" content=\"Dur\u00e9e de lecture estim\u00e9e\" \/>\n\t<meta name=\"twitter:data1\" content=\"1 minute\" \/>\n<script type=\"application\/ld+json\" class=\"yoast-schema-graph\">{\"@context\":\"https:\\\/\\\/schema.org\",\"@graph\":[{\"@type\":\"WebPage\",\"@id\":\"https:\\\/\\\/mb2immobilien.ch\\\/fr\\\/portrait\\\/team\\\/\",\"url\":\"https:\\\/\\\/mb2immobilien.ch\\\/fr\\\/portrait\\\/team\\\/\",\"name\":\"Equipe - MB2 Immobilien AG\",\"isPartOf\":{\"@id\":\"https:\\\/\\\/mb2immobilien.ch\\\/#website\"},\"datePublished\":\"2014-10-21T12:13:52+00:00\",\"dateModified\":\"2026-03-16T08:03:29+00:00\",\"breadcrumb\":{\"@id\":\"https:\\\/\\\/mb2immobilien.ch\\\/fr\\\/portrait\\\/team\\\/#breadcrumb\"},\"inLanguage\":\"fr-FR\",\"potentialAction\":[{\"@type\":\"ReadAction\",\"target\":[\"https:\\\/\\\/mb2immobilien.ch\\\/fr\\\/portrait\\\/team\\\/\"]}]},{\"@type\":\"BreadcrumbList\",\"@id\":\"https:\\\/\\\/mb2immobilien.ch\\\/fr\\\/portrait\\\/team\\\/#breadcrumb\",\"itemListElement\":[{\"@type\":\"ListItem\",\"position\":1,\"name\":\"Home\",\"item\":\"https:\\\/\\\/mb2immobilien.ch\\\/fr\\\/\"},{\"@type\":\"ListItem\",\"position\":2,\"name\":\"Portrait\",\"item\":\"https:\\\/\\\/mb2immobilien.ch\\\/fr\\\/portrait\\\/\"},{\"@type\":\"ListItem\",\"position\":3,\"name\":\"Equipe\"}]},{\"@type\":\"WebSite\",\"@id\":\"https:\\\/\\\/mb2immobilien.ch\\\/#website\",\"url\":\"https:\\\/\\\/mb2immobilien.ch\\\/\",\"name\":\"MB2 Immobilien AG\",\"description\":\"\",\"publisher\":{\"@id\":\"https:\\\/\\\/mb2immobilien.ch\\\/#organization\"},\"potentialAction\":[{\"@type\":\"SearchAction\",\"target\":{\"@type\":\"EntryPoint\",\"urlTemplate\":\"https:\\\/\\\/mb2immobilien.ch\\\/?s={search_term_string}\"},\"query-input\":{\"@type\":\"PropertyValueSpecification\",\"valueRequired\":true,\"valueName\":\"search_term_string\"}}],\"inLanguage\":\"fr-FR\"},{\"@type\":\"Organization\",\"@id\":\"https:\\\/\\\/mb2immobilien.ch\\\/#organization\",\"name\":\"MB2 Immobilien AG\",\"url\":\"https:\\\/\\\/mb2immobilien.ch\\\/\",\"logo\":{\"@type\":\"ImageObject\",\"inLanguage\":\"fr-FR\",\"@id\":\"https:\\\/\\\/mb2immobilien.ch\\\/#\\\/schema\\\/logo\\\/image\\\/\",\"url\":\"https:\\\/\\\/mb2immobilien.ch\\\/wp-content\\\/uploads\\\/2022\\\/06\\\/logo.png\",\"contentUrl\":\"https:\\\/\\\/mb2immobilien.ch\\\/wp-content\\\/uploads\\\/2022\\\/06\\\/logo.png\",\"width\":192,\"height\":90,\"caption\":\"MB2 Immobilien AG\"},\"image\":{\"@id\":\"https:\\\/\\\/mb2immobilien.ch\\\/#\\\/schema\\\/logo\\\/image\\\/\"}}]}<\/script>\n<!-- \/ Yoast SEO plugin. -->","yoast_head_json":{"title":"Equipe - MB2 Immobilien AG","robots":{"index":"index","follow":"follow","max-snippet":"max-snippet:-1","max-image-preview":"max-image-preview:large","max-video-preview":"max-video-preview:-1"},"canonical":"https:\/\/mb2immobilien.ch\/fr\/portrait\/team\/","og_locale":"fr_FR","og_type":"article","og_title":"Equipe - MB2 Immobilien AG","og_description":"Cette \u00e9quipe se prend en charge, pour vous","og_url":"https:\/\/mb2immobilien.ch\/fr\/portrait\/team\/","og_site_name":"MB2 Immobilien AG","article_modified_time":"2026-03-16T08:03:29+00:00","twitter_card":"summary_large_image","twitter_misc":{"Dur\u00e9e de lecture estim\u00e9e":"1 minute"},"schema":{"@context":"https:\/\/schema.org","@graph":[{"@type":"WebPage","@id":"https:\/\/mb2immobilien.ch\/fr\/portrait\/team\/","url":"https:\/\/mb2immobilien.ch\/fr\/portrait\/team\/","name":"Equipe - MB2 Immobilien AG","isPartOf":{"@id":"https:\/\/mb2immobilien.ch\/#website"},"datePublished":"2014-10-21T12:13:52+00:00","dateModified":"2026-03-16T08:03:29+00:00","breadcrumb":{"@id":"https:\/\/mb2immobilien.ch\/fr\/portrait\/team\/#breadcrumb"},"inLanguage":"fr-FR","potentialAction":[{"@type":"ReadAction","target":["https:\/\/mb2immobilien.ch\/fr\/portrait\/team\/"]}]},{"@type":"BreadcrumbList","@id":"https:\/\/mb2immobilien.ch\/fr\/portrait\/team\/#breadcrumb","itemListElement":[{"@type":"ListItem","position":1,"name":"Home","item":"https:\/\/mb2immobilien.ch\/fr\/"},{"@type":"ListItem","position":2,"name":"Portrait","item":"https:\/\/mb2immobilien.ch\/fr\/portrait\/"},{"@type":"ListItem","position":3,"name":"Equipe"}]},{"@type":"WebSite","@id":"https:\/\/mb2immobilien.ch\/#website","url":"https:\/\/mb2immobilien.ch\/","name":"MB2 Immobilien AG","description":"","publisher":{"@id":"https:\/\/mb2immobilien.ch\/#organization"},"potentialAction":[{"@type":"SearchAction","target":{"@type":"EntryPoint","urlTemplate":"https:\/\/mb2immobilien.ch\/?s={search_term_string}"},"query-input":{"@type":"PropertyValueSpecification","valueRequired":true,"valueName":"search_term_string"}}],"inLanguage":"fr-FR"},{"@type":"Organization","@id":"https:\/\/mb2immobilien.ch\/#organization","name":"MB2 Immobilien AG","url":"https:\/\/mb2immobilien.ch\/","logo":{"@type":"ImageObject","inLanguage":"fr-FR","@id":"https:\/\/mb2immobilien.ch\/#\/schema\/logo\/image\/","url":"https:\/\/mb2immobilien.ch\/wp-content\/uploads\/2022\/06\/logo.png","contentUrl":"https:\/\/mb2immobilien.ch\/wp-content\/uploads\/2022\/06\/logo.png","width":192,"height":90,"caption":"MB2 Immobilien AG"},"image":{"@id":"https:\/\/mb2immobilien.ch\/#\/schema\/logo\/image\/"}}]}},"_links":{"self":[{"href":"https:\/\/mb2immobilien.ch\/fr\/wp-json\/wp\/v2\/pages\/317","targetHints":{"allow":["GET"]}}],"collection":[{"href":"https:\/\/mb2immobilien.ch\/fr\/wp-json\/wp\/v2\/pages"}],"about":[{"href":"https:\/\/mb2immobilien.ch\/fr\/wp-json\/wp\/v2\/types\/page"}],"author":[{"embeddable":true,"href":"https:\/\/mb2immobilien.ch\/fr\/wp-json\/wp\/v2\/users\/1"}],"replies":[{"embeddable":true,"href":"https:\/\/mb2immobilien.ch\/fr\/wp-json\/wp\/v2\/comments?post=317"}],"version-history":[{"count":0,"href":"https:\/\/mb2immobilien.ch\/fr\/wp-json\/wp\/v2\/pages\/317\/revisions"}],"up":[{"embeddable":true,"href":"https:\/\/mb2immobilien.ch\/fr\/wp-json\/wp\/v2\/pages\/310"}],"wp:attachment":[{"href":"https:\/\/mb2immobilien.ch\/fr\/wp-json\/wp\/v2\/media?parent=317"}],"curies":[{"name":"wp","href":"https:\/\/api.w.org\/{rel}","templated":true}]}}